{"id":2,"date":"2023-12-01T07:56:15","date_gmt":"2023-12-01T07:56:15","guid":{"rendered":"https:\/\/www.latelierducycliste.com\/?page_id=2"},"modified":"2024-03-11T13:53:39","modified_gmt":"2024-03-11T13:53:39","slug":"contact","status":"publish","type":"page","link":"https:\/\/www.latelierducycliste.com\/en\/contact\/","title":{"rendered":"Contact"},"content":{"rendered":"<div data-elementor-type=\"wp-page\" data-elementor-id=\"2\" class=\"elementor elementor-2\" data-elementor-post-type=\"page\">\n\t\t\t\t<div class=\"elementor-element elementor-element-60f980f e-flex e-con-boxed e-con e-parent\" data-id=\"60f980f\" data-element_type=\"container\" data-settings=\"{&quot;background_background&quot;:&quot;classic&quot;}\">\n\t\t\t\t\t<div class=\"e-con-inner\">\n\t\t<div class=\"elementor-element elementor-element-1667c04 e-con-full e-flex e-con e-child\" data-id=\"1667c04\" data-element_type=\"container\">\n\t\t\t\t<div class=\"elementor-element elementor-element-31d321e elementor-widget elementor-widget-heading\" data-id=\"31d321e\" data-element_type=\"widget\" data-widget_type=\"heading.default\">\n\t\t\t\t<div class=\"elementor-widget-container\">\n\t\t\t\t\t<div class=\"elementor-heading-title elementor-size-default\">Let's exchange !<\/div>\t\t\t\t<\/div>\n\t\t\t\t<\/div>\n\t\t\t\t<\/div>\n\t\t<div class=\"elementor-element elementor-element-e1fe5d7 e-con-full e-flex e-con e-child\" data-id=\"e1fe5d7\" data-element_type=\"container\">\n\t\t\t\t<div class=\"elementor-element elementor-element-fce7d84 elementor-icon-list--layout-inline elementor-align-right elementor-mobile-align-left elementor-list-item-link-full_width elementor-widget elementor-widget-icon-list\" data-id=\"fce7d84\" data-element_type=\"widget\" data-widget_type=\"icon-list.default\">\n\t\t\t\t<div class=\"elementor-widget-container\">\n\t\t\t\t\t\t\t<ul class=\"elementor-icon-list-items elementor-inline-items\">\n\t\t\t\t\t\t\t<li class=\"elementor-icon-list-item elementor-inline-item\">\n\t\t\t\t\t\t\t\t\t\t\t<span class=\"elementor-icon-list-icon\">\n\t\t\t\t\t\t\t<svg aria-hidden=\"true\" class=\"e-font-icon-svg e-fas-home\" viewbox=\"0 0 576 512\" xmlns=\"http:\/\/www.w3.org\/2000\/svg\"><path d=\"M280.37 148.26L96 300.11V464a16 16 0 0 0 16 16l112.06-.29a16 16 0 0 0 15.92-16V368a16 16 0 0 1 16-16h64a16 16 0 0 1 16 16v95.64a16 16 0 0 0 16 16.05L464 480a16 16 0 0 0 16-16V300L295.67 148.26a12.19 12.19 0 0 0-15.3 0zM571.6 251.47L488 182.56V44.05a12 12 0 0 0-12-12h-56a12 12 0 0 0-12 12v72.61L318.47 43a48 48 0 0 0-61 0L4.34 251.47a12 12 0 0 0-1.6 16.9l25.5 31A12 12 0 0 0 45.15 301l235.22-193.74a12.19 12.19 0 0 1 15.3 0L530.9 301a12 12 0 0 0 16.9-1.6l25.5-31a12 12 0 0 0-1.7-16.93z\"><\/path><\/svg>\t\t\t\t\t\t<\/span>\n\t\t\t\t\t\t\t\t\t\t<span class=\"elementor-icon-list-text\">Home<\/span>\n\t\t\t\t\t\t\t\t\t<\/li>\n\t\t\t\t\t\t\t\t<li class=\"elementor-icon-list-item elementor-inline-item\">\n\t\t\t\t\t\t\t\t\t\t\t<span class=\"elementor-icon-list-icon\">\n\t\t\t\t\t\t\t<svg aria-hidden=\"true\" class=\"e-font-icon-svg e-fas-angle-right\" viewbox=\"0 0 256 512\" xmlns=\"http:\/\/www.w3.org\/2000\/svg\"><path d=\"M224.3 273l-136 136c-9.4 9.4-24.6 9.4-33.9 0l-22.6-22.6c-9.4-9.4-9.4-24.6 0-33.9l96.4-96.4-96.4-96.4c-9.4-9.4-9.4-24.6 0-33.9L54.3 103c9.4-9.4 24.6-9.4 33.9 0l136 136c9.5 9.4 9.5 24.6.1 34z\"><\/path><\/svg>\t\t\t\t\t\t<\/span>\n\t\t\t\t\t\t\t\t\t\t<span class=\"elementor-icon-list-text\"><\/span>\n\t\t\t\t\t\t\t\t\t<\/li>\n\t\t\t\t\t\t<\/ul>\n\t\t\t\t\t\t<\/div>\n\t\t\t\t<\/div>\n\t\t\t\t<\/div>\n\t\t\t\t\t<\/div>\n\t\t\t\t<\/div>\n\t\t<div class=\"elementor-element elementor-element-f451cf8 e-flex e-con-boxed e-con e-parent\" data-id=\"f451cf8\" data-element_type=\"container\" data-settings=\"{&quot;background_background&quot;:&quot;classic&quot;}\">\n\t\t\t\t\t<div class=\"e-con-inner\">\n\t\t<div class=\"elementor-element elementor-element-cbb1e64 e-con-full e-flex e-con e-child\" data-id=\"cbb1e64\" data-element_type=\"container\">\n\t\t\t\t<div class=\"elementor-element elementor-element-9977b69 elementor-widget elementor-widget-heading\" data-id=\"9977b69\" data-element_type=\"widget\" data-widget_type=\"heading.default\">\n\t\t\t\t<div class=\"elementor-widget-container\">\n\t\t\t\t\t<div class=\"elementor-heading-title elementor-size-default\">To join us<\/div>\t\t\t\t<\/div>\n\t\t\t\t<\/div>\n\t\t\t\t<div class=\"elementor-element elementor-element-6ddfeba elementor-widget elementor-widget-heading\" data-id=\"6ddfeba\" data-element_type=\"widget\" data-widget_type=\"heading.default\">\n\t\t\t\t<div class=\"elementor-widget-container\">\n\t\t\t\t\t<h2 class=\"elementor-heading-title elementor-size-default\">or rejoin us<\/h2>\t\t\t\t<\/div>\n\t\t\t\t<\/div>\n\t\t\t\t<div class=\"elementor-element elementor-element-228cc2f elementor-widget elementor-widget-heading\" data-id=\"228cc2f\" data-element_type=\"widget\" data-widget_type=\"heading.default\">\n\t\t\t\t<div class=\"elementor-widget-container\">\n\t\t\t\t\t<h5 class=\"elementor-heading-title elementor-size-default\">L'atelier du cycliste<\/h5>\t\t\t\t<\/div>\n\t\t\t\t<\/div>\n\t\t\t\t<div class=\"elementor-element elementor-element-5d707da elementor-icon-list--layout-traditional elementor-list-item-link-full_width elementor-widget elementor-widget-icon-list\" data-id=\"5d707da\" data-element_type=\"widget\" data-widget_type=\"icon-list.default\">\n\t\t\t\t<div class=\"elementor-widget-container\">\n\t\t\t\t\t\t\t<ul class=\"elementor-icon-list-items\">\n\t\t\t\t\t\t\t<li class=\"elementor-icon-list-item\">\n\t\t\t\t\t\t\t\t\t\t\t<span class=\"elementor-icon-list-icon\">\n\t\t\t\t\t\t\t<svg aria-hidden=\"true\" class=\"e-font-icon-svg e-fas-map-marker-alt\" viewbox=\"0 0 384 512\" xmlns=\"http:\/\/www.w3.org\/2000\/svg\"><path d=\"M172.268 501.67C26.97 291.031 0 269.413 0 192 0 85.961 85.961 0 192 0s192 85.961 192 192c0 77.413-26.97 99.031-172.268 309.67-9.535 13.774-29.93 13.773-39.464 0zM192 272c44.183 0 80-35.817 80-80s-35.817-80-80-80-80 35.817-80 80 35.817 80 80 80z\"><\/path><\/svg>\t\t\t\t\t\t<\/span>\n\t\t\t\t\t\t\t\t\t\t<span class=\"elementor-icon-list-text\">14, le cours - 84570 Villes sur Auzon, Vaucluse, France<\/span>\n\t\t\t\t\t\t\t\t\t<\/li>\n\t\t\t\t\t\t\t\t<li class=\"elementor-icon-list-item\">\n\t\t\t\t\t\t\t\t\t\t\t<span class=\"elementor-icon-list-icon\">\n\t\t\t\t\t\t\t<svg aria-hidden=\"true\" class=\"e-font-icon-svg e-fas-phone-alt\" viewbox=\"0 0 512 512\" xmlns=\"http:\/\/www.w3.org\/2000\/svg\"><path d=\"M497.39 361.8l-112-48a24 24 0 0 0-28 6.9l-49.6 60.6A370.66 370.66 0 0 1 130.6 204.11l60.6-49.6a23.94 23.94 0 0 0 6.9-28l-48-112A24.16 24.16 0 0 0 122.6.61l-104 24A24 24 0 0 0 0 48c0 256.5 207.9 464 464 464a24 24 0 0 0 23.4-18.6l24-104a24.29 24.29 0 0 0-14.01-27.6z\"><\/path><\/svg>\t\t\t\t\t\t<\/span>\n\t\t\t\t\t\t\t\t\t\t<span class=\"elementor-icon-list-text\">06 49 01 62 00<\/span>\n\t\t\t\t\t\t\t\t\t<\/li>\n\t\t\t\t\t\t\t\t<li class=\"elementor-icon-list-item\">\n\t\t\t\t\t\t\t\t\t\t\t<span class=\"elementor-icon-list-icon\">\n\t\t\t\t\t\t\t<svg aria-hidden=\"true\" class=\"e-font-icon-svg e-fas-envelope\" viewbox=\"0 0 512 512\" xmlns=\"http:\/\/www.w3.org\/2000\/svg\"><path d=\"M502.3 190.8c3.9-3.1 9.7-.2 9.7 4.7V400c0 26.5-21.5 48-48 48H48c-26.5 0-48-21.5-48-48V195.6c0-5 5.7-7.8 9.7-4.7 22.4 17.4 52.1 39.5 154.1 113.6 21.1 15.4 56.7 47.8 92.2 47.6 35.7.3 72-32.8 92.3-47.6 102-74.1 131.6-96.3 154-113.7zM256 320c23.2.4 56.6-29.2 73.4-41.4 132.7-96.3 142.8-104.7 173.4-128.7 5.8-4.5 9.2-11.5 9.2-18.9v-19c0-26.5-21.5-48-48-48H48C21.5 64 0 85.5 0 112v19c0 7.4 3.4 14.3 9.2 18.9 30.6 23.9 40.7 32.4 173.4 128.7 16.8 12.2 50.2 41.8 73.4 41.4z\"><\/path><\/svg>\t\t\t\t\t\t<\/span>\n\t\t\t\t\t\t\t\t\t\t<span class=\"elementor-icon-list-text\">fabrice@latelierducycliste.com<\/span>\n\t\t\t\t\t\t\t\t\t<\/li>\n\t\t\t\t\t\t<\/ul>\n\t\t\t\t\t\t<\/div>\n\t\t\t\t<\/div>\n\t\t\t\t<div class=\"elementor-element elementor-element-e7efbca elementor-shape-circle e-grid-align-left e-grid-align-mobile-left elementor-grid-0 elementor-widget elementor-widget-social-icons\" data-id=\"e7efbca\" data-element_type=\"widget\" data-widget_type=\"social-icons.default\">\n\t\t\t\t<div class=\"elementor-widget-container\">\n\t\t\t\t\t\t\t<div class=\"elementor-social-icons-wrapper elementor-grid\">\n\t\t\t\t\t\t\t<span class=\"elementor-grid-item\">\n\t\t\t\t\t<a class=\"elementor-icon elementor-social-icon elementor-social-icon-facebook-f elementor-repeater-item-bbfa37b\" target=\"_blank\">\n\t\t\t\t\t\t<span class=\"elementor-screen-only\">Facebook-f<\/span>\n\t\t\t\t\t\t<svg class=\"e-font-icon-svg e-fab-facebook-f\" viewbox=\"0 0 320 512\" xmlns=\"http:\/\/www.w3.org\/2000\/svg\"><path d=\"M279.14 288l14.22-92.66h-88.91v-60.13c0-25.35 12.42-50.06 52.24-50.06h40.42V6.26S260.43 0 225.36 0c-73.22 0-121.08 44.38-121.08 124.72v70.62H22.89V288h81.39v224h100.17V288z\"><\/path><\/svg>\t\t\t\t\t<\/a>\n\t\t\t\t<\/span>\n\t\t\t\t\t\t\t<span class=\"elementor-grid-item\">\n\t\t\t\t\t<a class=\"elementor-icon elementor-social-icon elementor-social-icon-instagram elementor-repeater-item-228f0fd\" target=\"_blank\">\n\t\t\t\t\t\t<span class=\"elementor-screen-only\">Instagram<\/span>\n\t\t\t\t\t\t<svg class=\"e-font-icon-svg e-fab-instagram\" viewbox=\"0 0 448 512\" xmlns=\"http:\/\/www.w3.org\/2000\/svg\"><path d=\"M224.1 141c-63.6 0-114.9 51.3-114.9 114.9s51.3 114.9 114.9 114.9S339 319.5 339 255.9 287.7 141 224.1 141zm0 189.6c-41.1 0-74.7-33.5-74.7-74.7s33.5-74.7 74.7-74.7 74.7 33.5 74.7 74.7-33.6 74.7-74.7 74.7zm146.4-194.3c0 14.9-12 26.8-26.8 26.8-14.9 0-26.8-12-26.8-26.8s12-26.8 26.8-26.8 26.8 12 26.8 26.8zm76.1 27.2c-1.7-35.9-9.9-67.7-36.2-93.9-26.2-26.2-58-34.4-93.9-36.2-37-2.1-147.9-2.1-184.9 0-35.8 1.7-67.6 9.9-93.9 36.1s-34.4 58-36.2 93.9c-2.1 37-2.1 147.9 0 184.9 1.7 35.9 9.9 67.7 36.2 93.9s58 34.4 93.9 36.2c37 2.1 147.9 2.1 184.9 0 35.9-1.7 67.7-9.9 93.9-36.2 26.2-26.2 34.4-58 36.2-93.9 2.1-37 2.1-147.8 0-184.8zM398.8 388c-7.8 19.6-22.9 34.7-42.6 42.6-29.5 11.7-99.5 9-132.1 9s-102.7 2.6-132.1-9c-19.6-7.8-34.7-22.9-42.6-42.6-11.7-29.5-9-99.5-9-132.1s-2.6-102.7 9-132.1c7.8-19.6 22.9-34.7 42.6-42.6 29.5-11.7 99.5-9 132.1-9s102.7-2.6 132.1 9c19.6 7.8 34.7 22.9 42.6 42.6 11.7 29.5 9 99.5 9 132.1s2.7 102.7-9 132.1z\"><\/path><\/svg>\t\t\t\t\t<\/a>\n\t\t\t\t<\/span>\n\t\t\t\t\t<\/div>\n\t\t\t\t\t\t<\/div>\n\t\t\t\t<\/div>\n\t\t\t\t<div class=\"elementor-element elementor-element-69ad568 elementor-invisible elementor-widget elementor-widget-heading\" data-id=\"69ad568\" data-element_type=\"widget\" data-settings=\"{&quot;_animation&quot;:&quot;fadeInUp&quot;}\" data-widget_type=\"heading.default\">\n\t\t\t\t<div class=\"elementor-widget-container\">\n\t\t\t\t\t<div class=\"elementor-heading-title elementor-size-default\">Variable opening hours depending on the season.\nFrom mid April till end of October, we shall be open everyday from 8.00 to 12.30. Closed on Monday.<\/div>\t\t\t\t<\/div>\n\t\t\t\t<\/div>\n\t\t\t\t<div class=\"elementor-element elementor-element-c6d22ec elementor-invisible elementor-widget elementor-widget-heading\" data-id=\"c6d22ec\" data-element_type=\"widget\" data-settings=\"{&quot;_animation&quot;:&quot;fadeInUp&quot;}\" data-widget_type=\"heading.default\">\n\t\t\t\t<div class=\"elementor-widget-container\">\n\t\t\t\t\t<div class=\"elementor-heading-title elementor-size-default\">During the quiet season, you can reach me and find me, Wednesday, Friday and Saturday from 9 to 12.30 or by appointment.<\/div>\t\t\t\t<\/div>\n\t\t\t\t<\/div>\n\t\t\t\t<div class=\"elementor-element elementor-element-7d845c4 elementor-widget elementor-widget-image\" data-id=\"7d845c4\" data-element_type=\"widget\" data-widget_type=\"image.default\">\n\t\t\t\t<div class=\"elementor-widget-container\">\n\t\t\t\t\t\t\t\t\t\t\t\t<figure class=\"wp-caption\">\n\t\t\t\t\t\t\t\t\t\t<img decoding=\"async\" width=\"300\" height=\"133\" src=\"https:\/\/www.latelierducycliste.com\/wp-content\/uploads\/2024\/01\/Anglais-allemand-300x133.png\" class=\"attachment-medium size-medium wp-image-419\" alt=\"\" srcset=\"https:\/\/www.latelierducycliste.com\/wp-content\/uploads\/2024\/01\/Anglais-allemand-300x133.png 300w, https:\/\/www.latelierducycliste.com\/wp-content\/uploads\/2024\/01\/Anglais-allemand.png 450w\" sizes=\"(max-width: 300px) 100vw, 300px\" \/>\t\t\t\t\t\t\t\t\t\t\t<figcaption class=\"widget-image-caption wp-caption-text\">spoken or  sprechen<\/figcaption>\n\t\t\t\t\t\t\t\t\t\t<\/figure>\n\t\t\t\t\t\t\t\t\t<\/div>\n\t\t\t\t<\/div>\n\t\t\t\t<\/div>\n\t\t<div class=\"elementor-element elementor-element-ebd54f5 e-con-full e-flex e-con e-child\" data-id=\"ebd54f5\" data-element_type=\"container\">\n\t\t\t\t<div class=\"elementor-element elementor-element-7c81823 elementor-invisible elementor-widget elementor-widget-image\" data-id=\"7c81823\" data-element_type=\"widget\" data-settings=\"{&quot;_animation&quot;:&quot;fadeInUp&quot;}\" data-widget_type=\"image.default\">\n\t\t\t\t<div class=\"elementor-widget-container\">\n\t\t\t\t\t\t\t\t\t\t\t\t\t\t\t<img decoding=\"async\" src=\"https:\/\/www.latelierducycliste.com\/wp-content\/uploads\/elementor\/thumbs\/Fabrice-Berger-en-VTT-sur-un-rocher-qivsk96485dhsiohd10ofyh5pobabz22a068jtxbmg.jpg\" title=\"Fabrice-Berger-en-VTT-sur-un-rocher\" alt=\"Fabrice-Berger-en-VTT-sur-un-rocher\" loading=\"lazy\" \/>\t\t\t\t\t\t\t\t\t\t\t\t\t\t\t<\/div>\n\t\t\t\t<\/div>\n\t\t\t\t<\/div>\n\t\t\t\t\t<\/div>\n\t\t\t\t<\/div>\n\t\t<div class=\"elementor-element elementor-element-ec0416f e-flex e-con-boxed e-con e-parent\" data-id=\"ec0416f\" data-element_type=\"container\">\n\t\t\t\t\t<div class=\"e-con-inner\">\n\t\t<div class=\"elementor-element elementor-element-8ec580d e-con-full e-flex e-con e-child\" data-id=\"8ec580d\" data-element_type=\"container\">\n\t\t\t\t<div class=\"elementor-element elementor-element-0788625 elementor-widget elementor-widget-shortcode\" data-id=\"0788625\" data-element_type=\"widget\" data-widget_type=\"shortcode.default\">\n\t\t\t\t<div class=\"elementor-widget-container\">\n\t\t\t\t\t\t\t<div class=\"elementor-shortcode\"><style type=\"text\/css\" id=\"umsMapStyles_1_69608\">\n    #ultimate_maps_1_69608 {\n        width: 100%;\n        height: 500px;\n                border: 0px solid ;\n        margin: 0px;\n    }\n    #mapsControlsNum_1_69608 {\n        width:100%    }\n    .umsMapDetailsContainer#umsMapDetailsContainer_1_69608 {\n        height:500px;\n    }\n    .ums_MapPreview#ultimate_maps_1_69608 {\n        \/*position:absolute;*\/\n        width:100%;\n    }\n    #mapConElem_1_69608{\n        width:100%    }\n    <\/style><div class=\"ums_map_opts\" id=\"mapConElem_1_69608\" data-id=\"1\" data-view-id=\"1_69608\" > <div class=\"umsMapDetailsContainer\" id=\"umsMapDetailsContainer_1_69608\"> <i class=\"umsKMLLayersPreloader fa fa-spinner fa-spin\" aria-hidden=\"true\" style=\"display: none;\"><\/i> <div class=\"ums_MapPreview\" id=\"ultimate_maps_1_69608\"><\/div> <\/div> <div class=\"umsMapMarkerFilters\" id=\"umsMapMarkerFilters_1_69608\"> <\/div> <div class=\"umsMapProControlsCon\" id=\"umsMapProControlsCon_1_69608\"> <a title=\"WordPress Google Maps Plugin\" style=\"display:none;\" href=\"https:\/\/supsystic.com\/plugins\/google-maps-plugin\/?utm_medium=love_link_hide\" target=\"_blank\">WordPress Google Maps Plugin<\/a><div style=\"clear: both;\"><\/div> <\/div> <div class=\"umsMapProDirectionsCon\" id=\"umsMapProDirectionsCon_1_69608\" > <\/div> <div class=\"umsMapProKmlFilterCon\" id=\"umsMapProKmlFilterCon_1_69608\" > <\/div> <div class=\"umsSocialSharingShell umsSocialSharingShell_1_69608\"> <\/div> <div style=\"clear: both;\"><\/div> <\/div><\/div>\n\t\t\t\t\t\t<\/div>\n\t\t\t\t<\/div>\n\t\t\t\t<\/div>\n\t\t<div class=\"elementor-element elementor-element-2141e87 e-con-full e-flex e-con e-child\" data-id=\"2141e87\" data-element_type=\"container\">\n\t\t<div class=\"elementor-element elementor-element-f354991 e-con-full e-flex elementor-invisible e-con e-child\" data-id=\"f354991\" data-element_type=\"container\" data-settings=\"{&quot;background_background&quot;:&quot;classic&quot;,&quot;animation&quot;:&quot;fadeInRight&quot;}\">\n\t\t\t\t<div class=\"elementor-element elementor-element-f889b5d elementor-widget elementor-widget-heading\" data-id=\"f889b5d\" data-element_type=\"widget\" data-widget_type=\"heading.default\">\n\t\t\t\t<div class=\"elementor-widget-container\">\n\t\t\t\t\t<h4 class=\"elementor-heading-title elementor-size-default\">Still have questions ?<\/h4>\t\t\t\t<\/div>\n\t\t\t\t<\/div>\n\t\t\t\t<div class=\"elementor-element elementor-element-5a89e18 elementor-widget elementor-widget-heading\" data-id=\"5a89e18\" data-element_type=\"widget\" data-widget_type=\"heading.default\">\n\t\t\t\t<div class=\"elementor-widget-container\">\n\t\t\t\t\t<div class=\"elementor-heading-title elementor-size-default\">Leave your details and message, I will get back to you quickly<\/div>\t\t\t\t<\/div>\n\t\t\t\t<\/div>\n\t\t\t\t<div class=\"elementor-element elementor-element-554e276 elementor-button-align-stretch elementor-widget elementor-widget-form\" data-id=\"554e276\" data-element_type=\"widget\" data-settings=\"{&quot;step_next_label&quot;:&quot;Next&quot;,&quot;step_previous_label&quot;:&quot;Previous&quot;,&quot;button_width&quot;:&quot;100&quot;,&quot;step_type&quot;:&quot;number_text&quot;,&quot;step_icon_shape&quot;:&quot;circle&quot;}\" data-widget_type=\"form.default\">\n\t\t\t\t<div class=\"elementor-widget-container\">\n\t\t\t\t\t\t\t<form class=\"elementor-form\" method=\"post\" name=\"contact\" action=\"\">\n\t\t\t<input type=\"hidden\" name=\"post_id\" value=\"2\"\/>\n\t\t\t<input type=\"hidden\" name=\"form_id\" value=\"554e276\"\/>\n\t\t\t<input type=\"hidden\" name=\"referer_title\" value=\"L&#039;atelier du cycliste\" \/>\n\n\t\t\t\n\t\t\t<div class=\"elementor-form-fields-wrapper elementor-labels-\">\n\t\t\t\t\t\t\t\t<div class=\"elementor-field-type-text elementor-field-group elementor-column elementor-field-group-name elementor-col-100\">\n\t\t\t\t\t\t\t\t\t\t\t\t<label for=\"form-field-name\" class=\"elementor-field-label elementor-screen-only\">\n\t\t\t\t\t\t\t\tName\t\t\t\t\t\t\t<\/label>\n\t\t\t\t\t\t\t\t\t\t\t\t\t\t<input size=\"1\" type=\"text\" name=\"form_fields[name]\" id=\"form-field-name\" class=\"elementor-field elementor-size-sm  elementor-field-textual\" placeholder=\"Name\">\n\t\t\t\t\t\t\t\t\t\t\t<\/div>\n\t\t\t\t\t\t\t\t<div class=\"elementor-field-type-email elementor-field-group elementor-column elementor-field-group-email elementor-col-100 elementor-field-required\">\n\t\t\t\t\t\t\t\t\t\t\t\t<label for=\"form-field-email\" class=\"elementor-field-label elementor-screen-only\">\n\t\t\t\t\t\t\t\tEmail\t\t\t\t\t\t\t<\/label>\n\t\t\t\t\t\t\t\t\t\t\t\t\t\t<input size=\"1\" type=\"email\" name=\"form_fields[email]\" id=\"form-field-email\" class=\"elementor-field elementor-size-sm  elementor-field-textual\" placeholder=\"e-mail\" required=\"required\">\n\t\t\t\t\t\t\t\t\t\t\t<\/div>\n\t\t\t\t\t\t\t\t<div class=\"elementor-field-type-textarea elementor-field-group elementor-column elementor-field-group-message elementor-col-100\">\n\t\t\t\t\t\t\t\t\t\t\t\t<label for=\"form-field-message\" class=\"elementor-field-label elementor-screen-only\">\n\t\t\t\t\t\t\t\tMessage\t\t\t\t\t\t\t<\/label>\n\t\t\t\t\t\t<textarea class=\"elementor-field-textual elementor-field  elementor-size-sm\" name=\"form_fields[message]\" id=\"form-field-message\" rows=\"5\" placeholder=\"Your message\"><\/textarea>\t\t\t\t<\/div>\n\t\t\t\t\t\t\t\t<div class=\"elementor-field-group elementor-column elementor-field-type-submit elementor-col-100 e-form__buttons\">\n\t\t\t\t\t<button class=\"elementor-button elementor-size-sm elementor-animation-float\" type=\"submit\">\n\t\t\t\t\t\t<span class=\"elementor-button-content-wrapper\">\n\t\t\t\t\t\t\t\t\t\t\t\t\t\t\t\t\t\t\t\t\t\t<span class=\"elementor-button-text\">Here we go !<\/span>\n\t\t\t\t\t\t\t\t\t\t\t\t\t<\/span>\n\t\t\t\t\t<\/button>\n\t\t\t\t<\/div>\n\t\t\t<\/div>\n\t\t<input type=\"hidden\" name=\"trp-form-language\" value=\"en\"\/><\/form>\n\t\t\t\t\t\t<\/div>\n\t\t\t\t<\/div>\n\t\t\t\t<\/div>\n\t\t\t\t<\/div>\n\t\t\t\t\t<\/div>\n\t\t\t\t<\/div>\n\t\t\t\t<\/div>","protected":false},"excerpt":{"rendered":"<p>\u00e9changeons ! Home Pour nous joindre ou nous rejoindre L&rsquo;atelier du cycliste 14, le cours &#8211; 84570 Villes sur Auzon, Vaucluse, France 06 49 01 62 00 fabrice@latelierducycliste.com Facebook-f Instagram Selon les saisons, nos horaires varient. De P\u00e2ques \u00e0 Toussaint, nous sommes ouverts tous les jours de 8h \u00e0 12h30 sauf le lundi. En saison [&hellip;]<\/p>","protected":false},"author":1,"featured_media":419,"parent":0,"menu_order":0,"comment_status":"closed","ping_status":"closed","template":"","meta":{"footnotes":""},"class_list":["post-2","page","type-page","status-publish","has-post-thumbnail","hentry"],"yoast_head":"<!-- This site is optimized with the Yoast SEO plugin v24.3 - https:\/\/yoast.com\/wordpress\/plugins\/seo\/ -->\n<title>Contact - L&#039;atelier du cycliste<\/title>\n<meta name=\"description\" content=\"L&#039;atelier est situ\u00e9 au 14 le cours \u00e0 Villes sur Auzon, au pied du Mont Ventoux, en Vaucluse, Provence, France\" \/>\n<meta name=\"robots\" content=\"index, follow, max-snippet:-1, max-image-preview:large, max-video-preview:-1\" \/>\n<link rel=\"canonical\" href=\"https:\/\/www.latelierducycliste.com\/en\/contact\/\" \/>\n<meta property=\"og:locale\" content=\"en_GB\" \/>\n<meta property=\"og:type\" content=\"article\" \/>\n<meta property=\"og:title\" content=\"Contact - L&#039;atelier du cycliste\" \/>\n<meta property=\"og:description\" content=\"L&#039;atelier est situ\u00e9 au 14 le cours \u00e0 Villes sur Auzon, au pied du Mont Ventoux, en Vaucluse, Provence, France\" \/>\n<meta property=\"og:url\" content=\"https:\/\/www.latelierducycliste.com\/en\/contact\/\" \/>\n<meta property=\"og:site_name\" content=\"L&#039;atelier du cycliste\" \/>\n<meta property=\"article:publisher\" content=\"https:\/\/www.facebook.com\/profile.php?id=61556263671832\" \/>\n<meta property=\"article:modified_time\" content=\"2024-03-11T13:53:39+00:00\" \/>\n<meta property=\"og:image\" content=\"https:\/\/www.latelierducycliste.com\/wp-content\/uploads\/2024\/01\/Anglais-allemand.png\" \/>\n\t<meta property=\"og:image:width\" content=\"450\" \/>\n\t<meta property=\"og:image:height\" content=\"200\" \/>\n\t<meta property=\"og:image:type\" content=\"image\/png\" \/>\n<meta name=\"twitter:card\" content=\"summary_large_image\" \/>\n<meta name=\"twitter:label1\" content=\"Estimated reading time\" \/>\n\t<meta name=\"twitter:data1\" content=\"1 minute\" \/>\n<script type=\"application\/ld+json\" class=\"yoast-schema-graph\">{\"@context\":\"https:\/\/schema.org\",\"@graph\":[{\"@type\":\"WebPage\",\"@id\":\"https:\/\/www.latelierducycliste.com\/contact\/\",\"url\":\"https:\/\/www.latelierducycliste.com\/contact\/\",\"name\":\"Contact - L&#039;atelier du cycliste\",\"isPartOf\":{\"@id\":\"https:\/\/www.latelierducycliste.com\/#website\"},\"primaryImageOfPage\":{\"@id\":\"https:\/\/www.latelierducycliste.com\/contact\/#primaryimage\"},\"image\":{\"@id\":\"https:\/\/www.latelierducycliste.com\/contact\/#primaryimage\"},\"thumbnailUrl\":\"https:\/\/www.latelierducycliste.com\/wp-content\/uploads\/2024\/01\/Anglais-allemand.png\",\"datePublished\":\"2023-12-01T07:56:15+00:00\",\"dateModified\":\"2024-03-11T13:53:39+00:00\",\"description\":\"L'atelier est situ\u00e9 au 14 le cours \u00e0 Villes sur Auzon, au pied du Mont Ventoux, en Vaucluse, Provence, France\",\"breadcrumb\":{\"@id\":\"https:\/\/www.latelierducycliste.com\/contact\/#breadcrumb\"},\"inLanguage\":\"en-GB\",\"potentialAction\":[{\"@type\":\"ReadAction\",\"target\":[\"https:\/\/www.latelierducycliste.com\/contact\/\"]}]},{\"@type\":\"ImageObject\",\"inLanguage\":\"en-GB\",\"@id\":\"https:\/\/www.latelierducycliste.com\/contact\/#primaryimage\",\"url\":\"https:\/\/www.latelierducycliste.com\/wp-content\/uploads\/2024\/01\/Anglais-allemand.png\",\"contentUrl\":\"https:\/\/www.latelierducycliste.com\/wp-content\/uploads\/2024\/01\/Anglais-allemand.png\",\"width\":450,\"height\":200},{\"@type\":\"BreadcrumbList\",\"@id\":\"https:\/\/www.latelierducycliste.com\/contact\/#breadcrumb\",\"itemListElement\":[{\"@type\":\"ListItem\",\"position\":1,\"name\":\"Accueil\",\"item\":\"https:\/\/www.latelierducycliste.com\/\"},{\"@type\":\"ListItem\",\"position\":2,\"name\":\"Contact\"}]},{\"@type\":\"WebSite\",\"@id\":\"https:\/\/www.latelierducycliste.com\/#website\",\"url\":\"https:\/\/www.latelierducycliste.com\/\",\"name\":\"L'atelier du cycliste\",\"description\":\"L&#039;atelier du cycliste\",\"publisher\":{\"@id\":\"https:\/\/www.latelierducycliste.com\/#organization\"},\"potentialAction\":[{\"@type\":\"SearchAction\",\"target\":{\"@type\":\"EntryPoint\",\"urlTemplate\":\"https:\/\/www.latelierducycliste.com\/?s={search_term_string}\"},\"query-input\":{\"@type\":\"PropertyValueSpecification\",\"valueRequired\":true,\"valueName\":\"search_term_string\"}}],\"inLanguage\":\"en-GB\"},{\"@type\":\"Organization\",\"@id\":\"https:\/\/www.latelierducycliste.com\/#organization\",\"name\":\"L'atelier du cycliste\",\"url\":\"https:\/\/www.latelierducycliste.com\/\",\"logo\":{\"@type\":\"ImageObject\",\"inLanguage\":\"en-GB\",\"@id\":\"https:\/\/www.latelierducycliste.com\/#\/schema\/logo\/image\/\",\"url\":\"https:\/\/www.latelierducycliste.com\/wp-content\/uploads\/2023\/12\/23_Logo-AtelierduCycliste-transparent.png\",\"contentUrl\":\"https:\/\/www.latelierducycliste.com\/wp-content\/uploads\/2023\/12\/23_Logo-AtelierduCycliste-transparent.png\",\"width\":283,\"height\":283,\"caption\":\"L'atelier du cycliste\"},\"image\":{\"@id\":\"https:\/\/www.latelierducycliste.com\/#\/schema\/logo\/image\/\"},\"sameAs\":[\"https:\/\/www.facebook.com\/profile.php?id=61556263671832\"]}]}<\/script>\n<!-- \/ Yoast SEO plugin. -->","yoast_head_json":{"title":"Contact - L&#039;atelier du cycliste","description":"L'atelier est situ\u00e9 au 14 le cours \u00e0 Villes sur Auzon, au pied du Mont Ventoux, en Vaucluse, Provence, France","robots":{"index":"index","follow":"follow","max-snippet":"max-snippet:-1","max-image-preview":"max-image-preview:large","max-video-preview":"max-video-preview:-1"},"canonical":"https:\/\/www.latelierducycliste.com\/en\/contact\/","og_locale":"en_GB","og_type":"article","og_title":"Contact - L&#039;atelier du cycliste","og_description":"L'atelier est situ\u00e9 au 14 le cours \u00e0 Villes sur Auzon, au pied du Mont Ventoux, en Vaucluse, Provence, France","og_url":"https:\/\/www.latelierducycliste.com\/en\/contact\/","og_site_name":"L&#039;atelier du cycliste","article_publisher":"https:\/\/www.facebook.com\/profile.php?id=61556263671832","article_modified_time":"2024-03-11T13:53:39+00:00","og_image":[{"width":450,"height":200,"url":"https:\/\/www.latelierducycliste.com\/wp-content\/uploads\/2024\/01\/Anglais-allemand.png","type":"image\/png"}],"twitter_card":"summary_large_image","twitter_misc":{"Estimated reading time":"1 minute"},"schema":{"@context":"https:\/\/schema.org","@graph":[{"@type":"WebPage","@id":"https:\/\/www.latelierducycliste.com\/contact\/","url":"https:\/\/www.latelierducycliste.com\/contact\/","name":"Contact - L&#039;atelier du cycliste","isPartOf":{"@id":"https:\/\/www.latelierducycliste.com\/#website"},"primaryImageOfPage":{"@id":"https:\/\/www.latelierducycliste.com\/contact\/#primaryimage"},"image":{"@id":"https:\/\/www.latelierducycliste.com\/contact\/#primaryimage"},"thumbnailUrl":"https:\/\/www.latelierducycliste.com\/wp-content\/uploads\/2024\/01\/Anglais-allemand.png","datePublished":"2023-12-01T07:56:15+00:00","dateModified":"2024-03-11T13:53:39+00:00","description":"L'atelier est situ\u00e9 au 14 le cours \u00e0 Villes sur Auzon, au pied du Mont Ventoux, en Vaucluse, Provence, France","breadcrumb":{"@id":"https:\/\/www.latelierducycliste.com\/contact\/#breadcrumb"},"inLanguage":"en-GB","potentialAction":[{"@type":"ReadAction","target":["https:\/\/www.latelierducycliste.com\/contact\/"]}]},{"@type":"ImageObject","inLanguage":"en-GB","@id":"https:\/\/www.latelierducycliste.com\/contact\/#primaryimage","url":"https:\/\/www.latelierducycliste.com\/wp-content\/uploads\/2024\/01\/Anglais-allemand.png","contentUrl":"https:\/\/www.latelierducycliste.com\/wp-content\/uploads\/2024\/01\/Anglais-allemand.png","width":450,"height":200},{"@type":"BreadcrumbList","@id":"https:\/\/www.latelierducycliste.com\/contact\/#breadcrumb","itemListElement":[{"@type":"ListItem","position":1,"name":"Accueil","item":"https:\/\/www.latelierducycliste.com\/"},{"@type":"ListItem","position":2,"name":"Contact"}]},{"@type":"WebSite","@id":"https:\/\/www.latelierducycliste.com\/#website","url":"https:\/\/www.latelierducycliste.com\/","name":"L'atelier du cycliste","description":"L&#039;atelier du cycliste","publisher":{"@id":"https:\/\/www.latelierducycliste.com\/#organization"},"potentialAction":[{"@type":"SearchAction","target":{"@type":"EntryPoint","urlTemplate":"https:\/\/www.latelierducycliste.com\/?s={search_term_string}"},"query-input":{"@type":"PropertyValueSpecification","valueRequired":true,"valueName":"search_term_string"}}],"inLanguage":"en-GB"},{"@type":"Organization","@id":"https:\/\/www.latelierducycliste.com\/#organization","name":"L'atelier du cycliste","url":"https:\/\/www.latelierducycliste.com\/","logo":{"@type":"ImageObject","inLanguage":"en-GB","@id":"https:\/\/www.latelierducycliste.com\/#\/schema\/logo\/image\/","url":"https:\/\/www.latelierducycliste.com\/wp-content\/uploads\/2023\/12\/23_Logo-AtelierduCycliste-transparent.png","contentUrl":"https:\/\/www.latelierducycliste.com\/wp-content\/uploads\/2023\/12\/23_Logo-AtelierduCycliste-transparent.png","width":283,"height":283,"caption":"L'atelier du cycliste"},"image":{"@id":"https:\/\/www.latelierducycliste.com\/#\/schema\/logo\/image\/"},"sameAs":["https:\/\/www.facebook.com\/profile.php?id=61556263671832"]}]}},"_links":{"self":[{"href":"https:\/\/www.latelierducycliste.com\/en\/wp-json\/wp\/v2\/pages\/2","targetHints":{"allow":["GET"]}}],"collection":[{"href":"https:\/\/www.latelierducycliste.com\/en\/wp-json\/wp\/v2\/pages"}],"about":[{"href":"https:\/\/www.latelierducycliste.com\/en\/wp-json\/wp\/v2\/types\/page"}],"author":[{"embeddable":true,"href":"https:\/\/www.latelierducycliste.com\/en\/wp-json\/wp\/v2\/users\/1"}],"replies":[{"embeddable":true,"href":"https:\/\/www.latelierducycliste.com\/en\/wp-json\/wp\/v2\/comments?post=2"}],"version-history":[{"count":44,"href":"https:\/\/www.latelierducycliste.com\/en\/wp-json\/wp\/v2\/pages\/2\/revisions"}],"predecessor-version":[{"id":822,"href":"https:\/\/www.latelierducycliste.com\/en\/wp-json\/wp\/v2\/pages\/2\/revisions\/822"}],"wp:featuredmedia":[{"embeddable":true,"href":"https:\/\/www.latelierducycliste.com\/en\/wp-json\/wp\/v2\/media\/419"}],"wp:attachment":[{"href":"https:\/\/www.latelierducycliste.com\/en\/wp-json\/wp\/v2\/media?parent=2"}],"curies":[{"name":"wp","href":"https:\/\/api.w.org\/{rel}","templated":true}]}}